{"id":215,"date":"2021-05-10T10:43:05","date_gmt":"2021-05-10T13:43:05","guid":{"rendered":"https:\/\/www.benhame.adv.br\/?page_id=215"},"modified":"2023-08-11T14:29:20","modified_gmt":"2023-08-11T17:29:20","slug":"215-2","status":"publish","type":"page","link":"https:\/\/www.benhame.adv.br\/?page_id=215","title":{"rendered":"Ultimas Not\u00edcias"},"content":{"rendered":"<section class=\"gutentor-section gutentor-blog-post-wrapper blog-template1 wp-block-gutentor-blog-post  has-color-bg has-custom-bg\" id=\"section-4f62252e-79f8-4eff-88fa-be08685b5590\">\n<div class='grid-container'><div class=\"gutentor-block-header\"><\/div><div class='gutentor-grid-item-wrap '><div class='grid-row '><article class='gutentor-post-has-thumb  grid-lg-4 grid-md-4 grid-12 blog-grid'><div class=\"gutentor-single-item\"><div class=\"gutentor-single-item-image-box\"><div class=\"gutentor-image-thumb\"><img loading=\"lazy\" decoding=\"async\" width=\"1040\" height=\"586\" src=\"https:\/\/www.benhame.adv.br\/wp-content\/uploads\/2026\/04\/6-3.png\" class=\"attachment- size- wp-post-image\" alt=\"\" \/><\/div><\/div><div class=\"gutentor-post-content\"><h3 class=\"gutentor-single-item-title\"><a href=\"https:\/\/www.benhame.adv.br\/?p=3651\" rel=\"bookmark\">Desemprego sobe a 6,1% no trimestre at\u00e9 mar\u00e7o, mas mant\u00e9m m\u00ednima hist\u00f3rica para o per\u00edodo<\/a><\/h3><div class=\"entry-meta\"><div class=\"posted-on\"><i class=\"far fa-calendar-alt\"><\/i><a href=\"https:\/\/www.benhame.adv.br\/?p=3651\" rel=\"bookmark\">30 abril, 2026<\/a><\/div><div class=\"cat-links\"><i class=\"fas fa-tags\"><\/i><a href=\"https:\/\/www.benhame.adv.br\/?cat=14\" rel=\"category\">Not\u00edcias<\/a><\/div><\/div><div class=\"gutentor-post-excerpt gutentor-single-item-desc\"><p class='gutentor-single-item-desc'>A taxa avan\u00e7ou no trimestre, com aumento do n\u00famero de desocupados, mas segue abaixo do n\u00edvel de um a&hellip;<\/p><\/div><a class=\"gutentor-button gutentor-single-item-button gutentor-icon-hide\" href=\"https:\/\/www.benhame.adv.br\/?p=3651\" target=\"_blank\" rel=\"noopener noreferrer\"><i class=\"gutentor-button-icon fas fa-book\"><\/i><span>Leia Mais<\/span><\/a><\/div><\/div><\/article><article class='gutentor-post-has-thumb  grid-lg-4 grid-md-4 grid-12 blog-grid'><div class=\"gutentor-single-item\"><div class=\"gutentor-single-item-image-box\"><div class=\"gutentor-image-thumb\"><img loading=\"lazy\" decoding=\"async\" width=\"1040\" height=\"586\" src=\"https:\/\/www.benhame.adv.br\/wp-content\/uploads\/2026\/04\/5-3.png\" class=\"attachment- size- wp-post-image\" alt=\"\" \/><\/div><\/div><div class=\"gutentor-post-content\"><h3 class=\"gutentor-single-item-title\"><a href=\"https:\/\/www.benhame.adv.br\/?p=3649\" rel=\"bookmark\">Empresas t\u00eam at\u00e9 18 de maio para aderir ao Dia Livre de Impostos 2026<\/a><\/h3><div class=\"entry-meta\"><div class=\"posted-on\"><i class=\"far fa-calendar-alt\"><\/i><a href=\"https:\/\/www.benhame.adv.br\/?p=3649\" rel=\"bookmark\">30 abril, 2026<\/a><\/div><div class=\"cat-links\"><i class=\"fas fa-tags\"><\/i><a href=\"https:\/\/www.benhame.adv.br\/?cat=14\" rel=\"category\">Not\u00edcias<\/a><\/div><\/div><div class=\"gutentor-post-excerpt gutentor-single-item-desc\"><p class='gutentor-single-item-desc'>Lojistas de todo o pa\u00eds podem aderir \u00e0 campanha, que acontece em 28 de maio e prev\u00ea descontos basead&hellip;<\/p><\/div><a class=\"gutentor-button gutentor-single-item-button gutentor-icon-hide\" href=\"https:\/\/www.benhame.adv.br\/?p=3649\" target=\"_blank\" rel=\"noopener noreferrer\"><i class=\"gutentor-button-icon fas fa-book\"><\/i><span>Leia Mais<\/span><\/a><\/div><\/div><\/article><article class='gutentor-post-has-thumb  grid-lg-4 grid-md-4 grid-12 blog-grid'><div class=\"gutentor-single-item\"><div class=\"gutentor-single-item-image-box\"><div class=\"gutentor-image-thumb\"><img loading=\"lazy\" decoding=\"async\" width=\"1040\" height=\"586\" src=\"https:\/\/www.benhame.adv.br\/wp-content\/uploads\/2026\/04\/4-3.png\" class=\"attachment- size- wp-post-image\" alt=\"\" \/><\/div><\/div><div class=\"gutentor-post-content\"><h3 class=\"gutentor-single-item-title\"><a href=\"https:\/\/www.benhame.adv.br\/?p=3647\" rel=\"bookmark\">MTE prop\u00f5e mesa de di\u00e1logo para regulamenta\u00e7\u00e3o do trabalho em centrais de abastecimento<\/a><\/h3><div class=\"entry-meta\"><div class=\"posted-on\"><i class=\"far fa-calendar-alt\"><\/i><a href=\"https:\/\/www.benhame.adv.br\/?p=3647\" rel=\"bookmark\">30 abril, 2026<\/a><\/div><div class=\"cat-links\"><i class=\"fas fa-tags\"><\/i><a href=\"https:\/\/www.benhame.adv.br\/?cat=8\" rel=\"category\">Direito Trabalhista<\/a>, <a href=\"https:\/\/www.benhame.adv.br\/?cat=14\" rel=\"category\">Not\u00edcias<\/a><\/div><\/div><div class=\"gutentor-post-excerpt gutentor-single-item-desc\"><p class='gutentor-single-item-desc'>Iniciativa busca garantir melhores condi\u00e7\u00f5es para trabalhadores avulsos e seguran\u00e7a jur\u00eddica ao seto&hellip;<\/p><\/div><a class=\"gutentor-button gutentor-single-item-button gutentor-icon-hide\" href=\"https:\/\/www.benhame.adv.br\/?p=3647\" target=\"_blank\" rel=\"noopener noreferrer\"><i class=\"gutentor-button-icon fas fa-book\"><\/i><span>Leia Mais<\/span><\/a><\/div><\/div><\/article><article class='gutentor-post-has-thumb  grid-lg-4 grid-md-4 grid-12 blog-grid'><div class=\"gutentor-single-item\"><div class=\"gutentor-single-item-image-box\"><div class=\"gutentor-image-thumb\"><img loading=\"lazy\" decoding=\"async\" width=\"1040\" height=\"586\" src=\"https:\/\/www.benhame.adv.br\/wp-content\/uploads\/2026\/04\/3-3.png\" class=\"attachment- size- wp-post-image\" alt=\"\" \/><\/div><\/div><div class=\"gutentor-post-content\"><h3 class=\"gutentor-single-item-title\"><a href=\"https:\/\/www.benhame.adv.br\/?p=3645\" rel=\"bookmark\">Lei n\u00ba 15.377\/2026 e a CLT: guia pr\u00e1tico para o RH cumprir as novas obriga\u00e7\u00f5es de sa\u00fade preventiva<\/a><\/h3><div class=\"entry-meta\"><div class=\"posted-on\"><i class=\"far fa-calendar-alt\"><\/i><a href=\"https:\/\/www.benhame.adv.br\/?p=3645\" rel=\"bookmark\">30 abril, 2026<\/a><\/div><div class=\"cat-links\"><i class=\"fas fa-tags\"><\/i><a href=\"https:\/\/www.benhame.adv.br\/?cat=16\" rel=\"category\">Artigos<\/a>, <a href=\"https:\/\/www.benhame.adv.br\/?cat=8\" rel=\"category\">Direito Trabalhista<\/a>, <a href=\"https:\/\/www.benhame.adv.br\/?cat=17\" rel=\"category\">Entrevistas<\/a>, <a href=\"https:\/\/www.benhame.adv.br\/?cat=14\" rel=\"category\">Not\u00edcias<\/a><\/div><\/div><div class=\"gutentor-post-excerpt gutentor-single-item-desc\"><p class='gutentor-single-item-desc'>Nova lei trabalhista obriga empresas a informar, conscientizar e orientar empregados sobre vacina\u00e7\u00e3o&hellip;<\/p><\/div><a class=\"gutentor-button gutentor-single-item-button gutentor-icon-hide\" href=\"https:\/\/www.benhame.adv.br\/?p=3645\" target=\"_blank\" rel=\"noopener noreferrer\"><i class=\"gutentor-button-icon fas fa-book\"><\/i><span>Leia Mais<\/span><\/a><\/div><\/div><\/article><article class='gutentor-post-has-thumb  grid-lg-4 grid-md-4 grid-12 blog-grid'><div class=\"gutentor-single-item\"><div class=\"gutentor-single-item-image-box\"><div class=\"gutentor-image-thumb\"><img loading=\"lazy\" decoding=\"async\" width=\"1040\" height=\"586\" src=\"https:\/\/www.benhame.adv.br\/wp-content\/uploads\/2026\/04\/2-3.png\" class=\"attachment- size- wp-post-image\" alt=\"\" \/><\/div><\/div><div class=\"gutentor-post-content\"><h3 class=\"gutentor-single-item-title\"><a href=\"https:\/\/www.benhame.adv.br\/?p=3643\" rel=\"bookmark\">Regressiva da NR-1: ainda d\u00e1 tempo de come\u00e7ar a estruturar do zero?<\/a><\/h3><div class=\"entry-meta\"><div class=\"posted-on\"><i class=\"far fa-calendar-alt\"><\/i><a href=\"https:\/\/www.benhame.adv.br\/?p=3643\" rel=\"bookmark\">30 abril, 2026<\/a><\/div><div class=\"cat-links\"><i class=\"fas fa-tags\"><\/i><a href=\"https:\/\/www.benhame.adv.br\/?cat=17\" rel=\"category\">Entrevistas<\/a>, <a href=\"https:\/\/www.benhame.adv.br\/?cat=14\" rel=\"category\">Not\u00edcias<\/a>, <a href=\"https:\/\/www.benhame.adv.br\/?cat=15\" rel=\"category\">V\u00eddeos<\/a><\/div><\/div><div class=\"gutentor-post-excerpt gutentor-single-item-desc\"><p class='gutentor-single-item-desc'>No \u00faltimo dia 27, a Dra. Maria L\u00facia Benhame falou sobre a Regressiva da NR-1 no Rh Pra Voc\u00ea Cast. C&hellip;<\/p><\/div><a class=\"gutentor-button gutentor-single-item-button gutentor-icon-hide\" href=\"https:\/\/www.benhame.adv.br\/?p=3643\" target=\"_blank\" rel=\"noopener noreferrer\"><i class=\"gutentor-button-icon fas fa-book\"><\/i><span>Leia Mais<\/span><\/a><\/div><\/div><\/article><article class='gutentor-post-has-thumb  grid-lg-4 grid-md-4 grid-12 blog-grid'><div class=\"gutentor-single-item\"><div class=\"gutentor-single-item-image-box\"><div class=\"gutentor-image-thumb\"><img loading=\"lazy\" decoding=\"async\" width=\"1040\" height=\"586\" src=\"https:\/\/www.benhame.adv.br\/wp-content\/uploads\/2026\/04\/6-2.png\" class=\"attachment- size- wp-post-image\" alt=\"\" \/><\/div><\/div><div class=\"gutentor-post-content\"><h3 class=\"gutentor-single-item-title\"><a href=\"https:\/\/www.benhame.adv.br\/?p=3635\" rel=\"bookmark\">IR: erro de empresas ao preencher nova forma de apurar imposto retido na fonte leva trabalhadores \u00e0 malha fina<\/a><\/h3><div class=\"entry-meta\"><div class=\"posted-on\"><i class=\"far fa-calendar-alt\"><\/i><a href=\"https:\/\/www.benhame.adv.br\/?p=3635\" rel=\"bookmark\">23 abril, 2026<\/a><\/div><div class=\"cat-links\"><i class=\"fas fa-tags\"><\/i><a href=\"https:\/\/www.benhame.adv.br\/?cat=14\" rel=\"category\">Not\u00edcias<\/a><\/div><\/div><div class=\"gutentor-post-excerpt gutentor-single-item-desc\"><p class='gutentor-single-item-desc'>Trabalhadores devem considerar valores do informe de rendimentos, diz Receita. Mas pode ser necess\u00e1r&hellip;<\/p><\/div><a class=\"gutentor-button gutentor-single-item-button gutentor-icon-hide\" href=\"https:\/\/www.benhame.adv.br\/?p=3635\" target=\"_blank\" rel=\"noopener noreferrer\"><i class=\"gutentor-button-icon fas fa-book\"><\/i><span>Leia Mais<\/span><\/a><\/div><\/div><\/article><\/div><\/div><\/div><\/section>","protected":false},"excerpt":{"rendered":"","protected":false},"author":1,"featured_media":0,"parent":0,"menu_order":0,"comment_status":"closed","ping_status":"closed","template":"template-gutentor-full-width.php","meta":{"footnotes":""},"class_list":["post-215","page","type-page","status-publish","hentry"],"_links":{"self":[{"href":"https:\/\/www.benhame.adv.br\/index.php?rest_route=\/wp\/v2\/pages\/215","targetHints":{"allow":["GET"]}}],"collection":[{"href":"https:\/\/www.benhame.adv.br\/index.php?rest_route=\/wp\/v2\/pages"}],"about":[{"href":"https:\/\/www.benhame.adv.br\/index.php?rest_route=\/wp\/v2\/types\/page"}],"author":[{"embeddable":true,"href":"https:\/\/www.benhame.adv.br\/index.php?rest_route=\/wp\/v2\/users\/1"}],"replies":[{"embeddable":true,"href":"https:\/\/www.benhame.adv.br\/index.php?rest_route=%2Fwp%2Fv2%2Fcomments&post=215"}],"version-history":[{"count":14,"href":"https:\/\/www.benhame.adv.br\/index.php?rest_route=\/wp\/v2\/pages\/215\/revisions"}],"predecessor-version":[{"id":3118,"href":"https:\/\/www.benhame.adv.br\/index.php?rest_route=\/wp\/v2\/pages\/215\/revisions\/3118"}],"wp:attachment":[{"href":"https:\/\/www.benhame.adv.br\/index.php?rest_route=%2Fwp%2Fv2%2Fmedia&parent=215"}],"curies":[{"name":"wp","href":"https:\/\/api.w.org\/{rel}","templated":true}]}}